{"id":990,"date":"2021-11-11T14:38:16","date_gmt":"2021-11-11T14:38:16","guid":{"rendered":"http:\/\/cocemfecatalunya.org\/discapacitat-fisica-discapacitat-organica\/"},"modified":"2023-05-16T13:31:55","modified_gmt":"2023-05-16T13:31:55","slug":"discapacitat-fisica-discapacitat-organica","status":"publish","type":"page","link":"https:\/\/cocemfecatalunya.org\/es\/discapacitat-fisica-discapacitat-organica\/","title":{"rendered":"Discapacidad f\u00edsica \/ discapacidad org\u00e1nica"},"content":{"rendered":"<p>[et_pb_section fb_built=\u00bb1&#8243; admin_label=\u00bbEn construcci\u00f3\u00bb _builder_version=\u00bb4.16&#8243; _module_preset=\u00bbdefault\u00bb background_color=\u00bb#00A59C\u00bb custom_padding=\u00bb0px||0px||true|false\u00bb collapsed=\u00bbon\u00bb global_colors_info=\u00bb{}\u00bb][et_pb_row _builder_version=\u00bb4.16&#8243; _module_preset=\u00bbdefault\u00bb custom_padding=\u00bb20px||10px||false|false\u00bb global_colors_info=\u00bb{}\u00bb][et_pb_column type=\u00bb4_4&#8243; _builder_version=\u00bb4.16&#8243; _module_preset=\u00bbdefault\u00bb global_colors_info=\u00bb{}\u00bb][et_pb_text _builder_version=\u00bb4.16&#8243; _module_preset=\u00bbdefault\u00bb header_2_text_color=\u00bb#FFFFFF\u00bb global_colors_info=\u00bb{}\u00bb]<\/p>\n<h2 style=\"text-align: center;\">P\u00c1GINA EN CONSTRUCCI\u00d3N<\/h2>\n<p>[\/et_pb_text][\/et_pb_column][\/et_pb_row][\/et_pb_section][et_pb_section fb_built=\u00bb1&#8243; _builder_version=\u00bb4.16&#8243; _module_preset=\u00bbdefault\u00bb custom_padding=\u00bb0px||||false|false\u00bb border_width_top=\u00bb10px\u00bb border_color_top=\u00bb#00A59C\u00bb collapsed=\u00bbon\u00bb global_colors_info=\u00bb{}\u00bb][et_pb_row _builder_version=\u00bb4.16&#8243; _module_preset=\u00bbdefault\u00bb collapsed=\u00bboff\u00bb global_colors_info=\u00bb{}\u00bb][et_pb_column type=\u00bb4_4&#8243; _builder_version=\u00bb4.16&#8243; _module_preset=\u00bbdefault\u00bb global_colors_info=\u00bb{}\u00bb][et_pb_text _builder_version=\u00bb4.16&#8243; _module_preset=\u00bbdefault\u00bb header_font=\u00bb|700|||||||\u00bb header_font_size=\u00bb36px\u00bb global_colors_info=\u00bb{}\u00bb]<\/p>\n<h1>Portal de discapacidad<\/h1>\n<p>[\/et_pb_text][\/et_pb_column][\/et_pb_row][et_pb_row column_structure=\u00bb1_2,1_2&#8243; _builder_version=\u00bb4.16&#8243; _module_preset=\u00bbdefault\u00bb global_colors_info=\u00bb{}\u00bb][et_pb_column type=\u00bb1_2&#8243; _builder_version=\u00bb4.16&#8243; _module_preset=\u00bbdefault\u00bb global_colors_info=\u00bb{}\u00bb][et_pb_text _builder_version=\u00bb4.16&#8243; _module_preset=\u00bbdefault\u00bb text_font=\u00bb|600|||||||\u00bb text_text_color=\u00bb#004844&#8243; text_font_size=\u00bb17px\u00bb text_line_height=\u00bb24px\u00bb custom_padding=\u00bb|15%|||false|false\u00bb global_colors_info=\u00bb{}\u00bb]<\/p>\n<p>La discapacidad se define como la situaci\u00f3n resultante de la interacci\u00f3n entre las personas con deficiencia previsiblemente permanentes y cualquier tipo de barreras que limiten o impidan su participaci\u00f3n plena y efectiva en la sociedad, en igualdad de condiciones con los dem\u00e1s.<\/p>\n<p>[\/et_pb_text][\/et_pb_column][et_pb_column type=\u00bb1_2&#8243; _builder_version=\u00bb4.16&#8243; _module_preset=\u00bbdefault\u00bb global_colors_info=\u00bb{}\u00bb][et_pb_image src=\u00bbhttp:\/\/cocemfecatalunya.org\/wp-content\/uploads\/2021\/12\/iStock-1251518339.jpg\u00bb title_text=\u00bbHappy multiethnic diverse young people sitting in office and giving high five each other after great collaboration, discussing strategies. Disabled male manager sitting with his colleagues at office\u00bb align=\u00bbright\u00bb _builder_version=\u00bb4.16&#8243; _module_preset=\u00bbdefault\u00bb box_shadow_style=\u00bbpreset2&#8243; global_colors_info=\u00bb{}\u00bb][\/et_pb_image][\/et_pb_column][\/et_pb_row][et_pb_row column_structure=\u00bb1_2,1_2&#8243; use_custom_gutter=\u00bbon\u00bb gutter_width=\u00bb4&#8243; make_equal=\u00bbon\u00bb _builder_version=\u00bb4.16&#8243; _module_preset=\u00bbdefault\u00bb global_colors_info=\u00bb{}\u00bb][et_pb_column type=\u00bb1_2&#8243; _builder_version=\u00bb4.16&#8243; _module_preset=\u00bbdefault\u00bb background_color=\u00bb#D8EEED\u00bb custom_padding=\u00bb4%|4%|4%|4%|true|true\u00bb box_shadow_style=\u00bbpreset3&#8243; global_colors_info=\u00bb{}\u00bb][et_pb_blurb title=\u00bbDiscapacidad f\u00edsica\u00bb _builder_version=\u00bb4.16&#8243; _module_preset=\u00bbdefault\u00bb header_font=\u00bb|600|||||||\u00bb header_text_color=\u00bb#004844&#8243; link_option_url=\u00bbhttps:\/\/dones.gencat.cat\/ca\/ambits\/atencio-a-les-dones\/mapa_siad\/\u00bb link_option_url_new_window=\u00bbon\u00bb global_colors_info=\u00bb{}\u00bb]<\/p>\n<div class=\"page\" title=\"Page 1\">\n<div class=\"layoutArea\">\n<div class=\"column\">\n<div class=\"page\" title=\"Page 1\">\n<div class=\"section\">\n<div class=\"layoutArea\">\n<div class=\"column\">\n<p><span>La discapacidad f\u00edsica hace referencia a la disminuci\u00f3n o ausencia de funciones motoras<\/span>o f\u00edsicas, que repercute, en el desarrollo o en la forma de llevar a cabo determinadas actividades en una sociedad que presenta severas limitaciones y barreras. Por ello, las personas con discapacidad f\u00edsica encuentran dificultades en la realizaci\u00f3n de movimientos o en la manipulaci\u00f3n de objetos y pueden afectarles a otras \u00e1reas como el lenguaje.<\/p>\n<\/div>\n<\/div>\n<\/div>\n<\/div>\n<\/div>\n<\/div>\n<\/div>\n<p>[\/et_pb_blurb][\/et_pb_column][et_pb_column type=\u00bb1_2&#8243; _builder_version=\u00bb4.16&#8243; _module_preset=\u00bbdefault\u00bb background_color=\u00bb#D8EEED\u00bb custom_padding=\u00bb4%|4%|4%|4%|true|true\u00bb box_shadow_style=\u00bbpreset3&#8243; global_colors_info=\u00bb{}\u00bb][et_pb_blurb title=\u00bbDiscapacidad org\u00e1nica\u00bb _builder_version=\u00bb4.16&#8243; _module_preset=\u00bbdefault\u00bb header_font=\u00bb|600|||||||\u00bb header_text_color=\u00bb#004844&#8243; link_option_url=\u00bbhttps:\/\/ajuntament.barcelona.cat\/bcnantimasclista\/sites\/default\/files\/guia-usolenguajenosexista-esp_0.pdf\u00bb link_option_url_new_window=\u00bbon\u00bb global_colors_info=\u00bb{}\u00bb]<\/p>\n<div class=\"page\" title=\"Page 1\">\n<div class=\"layoutArea\">\n<div class=\"column\">\n<div class=\"page\" title=\"Page 1\">\n<div class=\"layoutArea\">\n<div class=\"column\">\n<div class=\"page\" title=\"Page 1\">\n<div class=\"section\">\n<div class=\"layoutArea\">\n<div class=\"column\">\n<p><span>La discapacidad org\u00e1nica es aquella producida por la p\u00e9rdida de funcionalidad<\/span> de algunos sistemas corporales, que suelen relacionarse con los \u00f3rganos internos o procesos fisiol\u00f3gicos, ya sean de forma cong\u00e9nita o adquirida. Es el caso de enfermedades renales (ri\u00f1\u00f3n), hep\u00e1ticas (h\u00edgado) cardiopat\u00edas (coraz\u00f3n), fibrosis qu\u00edstica (pulmones), enfermedad de Crohn y enfermedades metab\u00f3licas (aparato digestivo); Linfedema (sistema linf\u00e1tico), hemofilia (coagulaci\u00f3n de la sangre), lupus (sistema inmune); y cefaleas, migra\u00f1as, Alzheimer, parkinson, trastornos del sue\u00f1o, fibromialgia o s\u00edndrome de fatiga cr\u00f3nica (sistema nervioso central).<\/p>\n<\/div>\n<\/div>\n<\/div>\n<\/div>\n<\/div>\n<\/div>\n<\/div>\n<\/div>\n<\/div>\n<\/div>\n<p>[\/et_pb_blurb][\/et_pb_column][\/et_pb_row][et_pb_row _builder_version=\u00bb4.16&#8243; _module_preset=\u00bbdefault\u00bb custom_padding=\u00bb|8%||8%|false|true\u00bb global_colors_info=\u00bb{}\u00bb][et_pb_column type=\u00bb4_4&#8243; _builder_version=\u00bb4.16&#8243; _module_preset=\u00bbdefault\u00bb global_colors_info=\u00bb{}\u00bb][et_pb_text _builder_version=\u00bb4.16&#8243; _module_preset=\u00bbdefault\u00bb global_colors_info=\u00bb{}\u00bb]<\/p>\n<div class=\"page\" title=\"Page 2\">\n<div class=\"section\">\n<div class=\"layoutArea\">\n<div class=\"column\">\n<div class=\"page\" title=\"Page 1\">\n<div class=\"layoutArea\">\n<div class=\"column\">\n<p><span>En la invisibilidad, la incomprensi\u00f3n familiar, social y laboral y la falta de reconocimiento <\/span>oficial por parte de la Administraci\u00f3n se suman problem\u00e1ticas distintas en cada una de ellas que suponen importantes obst\u00e1culos en la vida diaria e influyen en la calidad de vida.<\/p>\n<\/div>\n<\/div>\n<\/div>\n<\/div>\n<\/div>\n<\/div>\n<\/div>\n<p>[\/et_pb_text][\/et_pb_column][\/et_pb_row][et_pb_row column_structure=\u00bb1_2,1_2&#8243; use_custom_gutter=\u00bbon\u00bb gutter_width=\u00bb4&#8243; make_equal=\u00bbon\u00bb _builder_version=\u00bb4.16&#8243; _module_preset=\u00bbdefault\u00bb module_alignment=\u00bbcenter\u00bb global_colors_info=\u00bb{}\u00bb][et_pb_column type=\u00bb1_2&#8243; _builder_version=\u00bb4.16&#8243; _module_preset=\u00bbdefault\u00bb custom_padding=\u00bb3%|4%|3%|4%|true|true\u00bb box_shadow_style=\u00bbpreset1&#8243; global_colors_info=\u00bb{}\u00bb][et_pb_blurb icon_placement=\u00bbleft\u00bb image_icon_width=\u00bb36px\u00bb _builder_version=\u00bb4.16&#8243; _module_preset=\u00bbdefault\u00bb body_font=\u00bb|700|||||||\u00bb body_text_color=\u00bb#004844&#8243; body_font_size=\u00bb18px\u00bb custom_margin=\u00bb|0px||0px|false|false\u00bb custom_padding=\u00bb0px|0px||0px|false|false\u00bb link_option_url=\u00bbhttps:\/\/www.boe.es\/buscar\/doc.php?id=boe-a-2008-9294&#8243; link_option_url_new_window=\u00bbon\u00bb global_colors_info=\u00bb{}\u00bb]<\/p>\n<div class=\"page\" title=\"Page 2\">\n<div class=\"layoutArea\">\n<div class=\"column\">\n<div class=\"page\" title=\"Page 1\">\n<div class=\"layoutArea\">\n<div class=\"column\">\n<p>Reconocimiento y revisi\u00f3n del grado de discapacidad<\/p>\n<\/div>\n<\/div>\n<\/div>\n<\/div>\n<\/div>\n<\/div>\n<p>[\/et_pb_blurb][et_pb_text _builder_version=\u00bb4.16&#8243; _module_preset=\u00bbdefault\u00bb custom_padding=\u00bb|0px||0px|false|true\u00bb global_colors_info=\u00bb{}\u00bb]<\/p>\n<div class=\"page\" title=\"Page 2\">\n<div class=\"section\">\n<div class=\"layoutArea\">\n<div class=\"column\">\n<div class=\"page\" title=\"Page 1\">\n<div class=\"layoutArea\">\n<div class=\"column\">\n<div class=\"page\" title=\"Page 2\">\n<div class=\"section\">\n<div class=\"layoutArea\">\n<div class=\"column\">\n<p>El reconocimiento de discapacidad es el documento administrativo que acredita legalmente el grado de discapacidad. Este documento facilita el acceso a diversos derechos, servicios, programas y prestaciones que tienen por objeto compensar las desventajas sociales derivadas de la discapacidad o de las barreras sociales que limitan la participaci\u00f3n plena y efectiva a la sociedad de las personas que los presentan.<\/p>\n<p>Las personas que tengan reconocida una pensi\u00f3n de la Seguridad Social por incapacidad permanente en el grado de total, absoluta o gran invalidez o que tengan reconocida una pensi\u00f3n de Clases Pasivas por jubilaci\u00f3n o retiro de incapacidad permanente para el servicio o inutilidad, se considerar\u00e1n afectadas por una discapacidad en grado igual al 33% a todos los efectos; el documento que acredita esta circunstancia es la resoluci\u00f3n del INSS o de las clases pasivas y, por tanto, no ser\u00e1 necesario solicitar el reconocimiento de discapacidad. En caso de considerar que la discapacidad puede ser superior a este grado, debe realizarse la solicitud de reconocimiento normalizada.<\/p>\n<\/div>\n<\/div>\n<\/div>\n<\/div>\n<\/div>\n<\/div>\n<\/div>\n<\/div>\n<\/div>\n<\/div>\n<\/div>\n<p>[\/et_pb_text][\/et_pb_column][et_pb_column type=\u00bb1_2&#8243; _builder_version=\u00bb4.16&#8243; _module_preset=\u00bbdefault\u00bb custom_padding=\u00bb3%|4%|3%|4%|true|true\u00bb box_shadow_style=\u00bbpreset1&#8243; global_colors_info=\u00bb{}\u00bb][et_pb_blurb icon_placement=\u00bbleft\u00bb image_icon_width=\u00bb36px\u00bb _builder_version=\u00bb4.16&#8243; _module_preset=\u00bbdefault\u00bb body_font=\u00bb|700|||||||\u00bb body_text_color=\u00bb#004844&#8243; body_font_size=\u00bb18px\u00bb custom_padding=\u00bb0px|3%|0px|3%|true|true\u00bb link_option_url=\u00bbhttps:\/\/www.boe.es\/buscar\/doc.php?id=boe-a-2008-9294&#8243; link_option_url_new_window=\u00bbon\u00bb global_colors_info=\u00bb{}\u00bb]<\/p>\n<div class=\"page\" title=\"Page 2\">\n<div class=\"layoutArea\">\n<div class=\"column\">\n<div class=\"page\" title=\"Page 1\">\n<div class=\"layoutArea\">\n<div class=\"column\">\n<p><span>A qui\u00e9n va dirigida <\/span><\/p>\n<\/div>\n<\/div>\n<\/div>\n<\/div>\n<\/div>\n<\/div>\n<p>[\/et_pb_blurb][et_pb_text _builder_version=\u00bb4.16&#8243; _module_preset=\u00bbdefault\u00bb custom_padding=\u00bb|0px|30px|0px|false|true\u00bb global_colors_info=\u00bb{}\u00bb]<\/p>\n<div class=\"page\" title=\"Page 2\">\n<div class=\"section\">\n<div class=\"layoutArea\">\n<div class=\"column\">\n<div class=\"page\" title=\"Page 1\">\n<div class=\"layoutArea\">\n<div class=\"column\">\n<div class=\"page\" title=\"Page 2\">\n<div class=\"section\">\n<div class=\"layoutArea\">\n<div class=\"column\">\n<div class=\"page\" title=\"Page 2\">\n<div class=\"layoutArea\">\n<div class=\"column\">\n<p>A las personas que presentan enfermedades cong\u00e9nitas o adquiridas que originan deficiencias de car\u00e1cter previsiblemente permanente y comportan restricci\u00f3n o ausencia en la capacidad para realizar las actividades de la vida diaria, en la forma o dentro del margen que se considera normal.<\/p>\n<p>Estas enfermedades deben estar diagnosticadas previamente por los organismos competentes y documentadas.<\/p>\n<\/div>\n<\/div>\n<\/div>\n<\/div>\n<\/div>\n<\/div>\n<\/div>\n<\/div>\n<\/div>\n<\/div>\n<\/div>\n<\/div>\n<\/div>\n<\/div>\n<p>[\/et_pb_text][et_pb_button button_url=\u00bbhttps:\/\/web.gencat.cat\/es\/tramits\/tramits-temes\/Reconeixement-o-revisio-del-grau-de-la-discapacitat\u00bb url_new_window=\u00bbon\u00bb button_text=\u00bbSaber m\u00e1s\u00bb button_alignment=\u00bbcenter\u00bb _builder_version=\u00bb4.17.4&#8243; _module_preset=\u00bbdefault\u00bb custom_button=\u00bbon\u00bb button_text_size=\u00bb17px\u00bb button_text_color=\u00bb#FFFFFF\u00bb button_bg_color=\u00bb#003c69&#8243; button_border_color=\u00bb#003c69&#8243; button_border_radius=\u00bb0px\u00bb custom_margin=\u00bb||20px||false|false\u00bb hover_enabled=\u00bb0&#8243; custom_css_main_element=\u00bbwidth:90%;\u00bb global_colors_info=\u00bb{}\u00bb button_bg_enable_color=\u00bbon\u00bb button_text_color__hover_enabled=\u00bbon|desktop\u00bb sticky_enabled=\u00bb0&#8243; button_bg_color__hover_enabled=\u00bbon|desktop\u00bb button_border_color_last_edited=\u00bbon|desktop\u00bb button_border_color__hover_enabled=\u00bbon|desktop\u00bb button_text_color__hover=\u00bb#FFFFFF\u00bb button_bg_color__hover=\u00bb#003c69&#8243; button_border_color_tablet=\u00bb#003c69&#8243; button_border_color_phone=\u00bb#003c69&#8243; button_border_color__hover=\u00bb#003c69&#8243;][\/et_pb_button][\/et_pb_column][\/et_pb_row][et_pb_row column_structure=\u00bb1_3,1_3,1_3&#8243; use_custom_gutter=\u00bbon\u00bb make_equal=\u00bbon\u00bb _builder_version=\u00bb4.16&#8243; _module_preset=\u00bbdefault\u00bb module_alignment=\u00bbcenter\u00bb global_colors_info=\u00bb{}\u00bb][et_pb_column type=\u00bb1_3&#8243; _builder_version=\u00bb4.16&#8243; _module_preset=\u00bbdefault\u00bb custom_padding=\u00bb3%|4%|3%|4%|true|true\u00bb box_shadow_style=\u00bbpreset1&#8243; global_colors_info=\u00bb{}\u00bb][et_pb_blurb icon_placement=\u00bbleft\u00bb image_icon_width=\u00bb36px\u00bb _builder_version=\u00bb4.16&#8243; _module_preset=\u00bbdefault\u00bb body_font=\u00bb|700|||||||\u00bb body_text_color=\u00bb#004844&#8243; body_font_size=\u00bb18px\u00bb custom_padding=\u00bb0px||||false|false\u00bb link_option_url=\u00bbhttps:\/\/www.boe.es\/buscar\/doc.php?id=boe-a-2008-9294&#8243; link_option_url_new_window=\u00bbon\u00bb global_colors_info=\u00bb{}\u00bb]<\/p>\n<div class=\"page\" title=\"Page 2\">\n<div class=\"layoutArea\">\n<div class=\"column\">\n<div class=\"page\" title=\"Page 1\">\n<div class=\"layoutArea\">\n<div class=\"column\">\n<p><span>Tarjeta acreditativa de la discapacidad<\/span><\/p>\n<\/div>\n<\/div>\n<\/div>\n<\/div>\n<\/div>\n<\/div>\n<p>[\/et_pb_blurb][et_pb_text _builder_version=\u00bb4.16&#8243; _module_preset=\u00bbdefault\u00bb custom_padding=\u00bb|0px||0px|false|true\u00bb global_colors_info=\u00bb{}\u00bb]<\/p>\n<div class=\"page\" title=\"Page 2\">\n<div class=\"section\">\n<div class=\"layoutArea\">\n<div class=\"column\">\n<div class=\"page\" title=\"Page 1\">\n<div class=\"layoutArea\">\n<div class=\"column\">\n<div class=\"page\" title=\"Page 2\">\n<div class=\"section\">\n<div class=\"layoutArea\">\n<div class=\"column\">\n<p><span> La Tarjeta acreditativa de la discapacidad permite acreditar de forma \u00e1gil y pr\u00e1ctica <\/span>frente a terceras personas, el grado de discapacidad, a fin de facilitar el acceso a los recursos y servicios vinculados a que se tengan derecho en Catalu\u00f1a. Es un documento p\u00fablico, personal e intransferible, que debe acompa\u00f1arse con el DNI o NIE. La tarjeta es v\u00e1lida para todo el territorio de Catalu\u00f1a.<\/p>\n<\/div>\n<\/div>\n<\/div>\n<div class=\"layoutArea\">\n<div class=\"column\">\n<p><span>Para solicitar el alta, duplicado o renovar la tarjeta por Internet es necesario <\/span><\/p>\n<\/div>\n<\/div>\n<div class=\"layoutArea\">\n<div class=\"column\">\n<p><span>disponer de certificado digital v\u00e1lido. <\/span><\/p>\n<\/div>\n<\/div>\n<\/div>\n<\/div>\n<\/div>\n<\/div>\n<\/div>\n<\/div>\n<\/div>\n<\/div>\n<p>[\/et_pb_text][\/et_pb_column][et_pb_column type=\u00bb1_3&#8243; _builder_version=\u00bb4.16&#8243; _module_preset=\u00bbdefault\u00bb custom_padding=\u00bb3%|4%|3%|4%|true|true\u00bb box_shadow_style=\u00bbpreset1&#8243; global_colors_info=\u00bb{}\u00bb][et_pb_blurb icon_placement=\u00bbleft\u00bb image_icon_width=\u00bb36px\u00bb _builder_version=\u00bb4.16&#8243; _module_preset=\u00bbdefault\u00bb body_font=\u00bb|700|||||||\u00bb body_text_color=\u00bb#004844&#8243; body_font_size=\u00bb18px\u00bb custom_padding=\u00bb0px|3%|0px|3%|true|true\u00bb link_option_url=\u00bbhttps:\/\/www.boe.es\/buscar\/doc.php?id=boe-a-2008-9294&#8243; link_option_url_new_window=\u00bbon\u00bb global_colors_info=\u00bb{}\u00bb]<\/p>\n<div class=\"page\" title=\"Page 2\">\n<div class=\"layoutArea\">\n<div class=\"column\">\n<div class=\"page\" title=\"Page 1\">\n<div class=\"layoutArea\">\n<div class=\"column\">\n<p><span>A qui\u00e9n va dirigida <\/span><\/p>\n<\/div>\n<\/div>\n<\/div>\n<\/div>\n<\/div>\n<\/div>\n<p>[\/et_pb_blurb][et_pb_text _builder_version=\u00bb4.16&#8243; _module_preset=\u00bbdefault\u00bb custom_padding=\u00bb|0px|30px|0px|false|true\u00bb global_colors_info=\u00bb{}\u00bb]<\/p>\n<div class=\"page\" title=\"Page 2\">\n<div class=\"section\">\n<div class=\"layoutArea\">\n<div class=\"column\">\n<div class=\"page\" title=\"Page 1\">\n<div class=\"layoutArea\">\n<div class=\"column\">\n<div class=\"page\" title=\"Page 2\">\n<div class=\"section\">\n<div class=\"layoutArea\">\n<div class=\"column\">\n<div class=\"page\" title=\"Page 2\">\n<div class=\"layoutArea\">\n<div class=\"column\">\n<p><span>A aquellas personas que ya tengan reconocido un grado de discapacidad en Catalu\u00f1a <\/span>igual o superior al 33%, o que hayan trasladado su expediente, ya sea con car\u00e1cter permanente o provisional. Es necesario tener residencia habitual en Catalu\u00f1a.<\/p>\n<\/div>\n<\/div>\n<\/div>\n<\/div>\n<\/div>\n<\/div>\n<\/div>\n<\/div>\n<\/div>\n<\/div>\n<\/div>\n<\/div>\n<\/div>\n<\/div>\n<p>[\/et_pb_text][\/et_pb_column][et_pb_column type=\u00bb1_3&#8243; _builder_version=\u00bb4.16&#8243; _module_preset=\u00bbdefault\u00bb custom_padding=\u00bb3%|4%|3%|4%|true|true\u00bb box_shadow_style=\u00bbpreset1&#8243; global_colors_info=\u00bb{}\u00bb][et_pb_blurb icon_placement=\u00bbleft\u00bb image_icon_width=\u00bb36px\u00bb _builder_version=\u00bb4.16&#8243; _module_preset=\u00bbdefault\u00bb body_font=\u00bb|700|||||||\u00bb body_text_color=\u00bb#004844&#8243; body_font_size=\u00bb18px\u00bb custom_padding=\u00bb3%|3%|3%|3%|true|true\u00bb link_option_url=\u00bbhttps:\/\/www.mscbs.gob.es\/organizacion\/sns\/plancalidadsns\/pdf\/equidad\/protocolocomun.pdf\u00bb link_option_url_new_window=\u00bbon\u00bb global_colors_info=\u00bb{}\u00bb]<\/p>\n<div class=\"page\" title=\"Page 2\">\n<div class=\"layoutArea\">\n<div class=\"column\">\n<div class=\"page\" title=\"Page 2\">\n<div class=\"layoutArea\">\n<div class=\"column\">\n<div class=\"page\" title=\"Page 1\">\n<div class=\"layoutArea\">\n<div class=\"column\">\n<p><span>Organismos responsables <\/span><\/p>\n<\/div>\n<\/div>\n<\/div>\n<\/div>\n<\/div>\n<\/div>\n<\/div>\n<\/div>\n<\/div>\n<p>[\/et_pb_blurb][et_pb_button button_url=\u00bbhttp:\/\/sac.gencat.cat\/sacgencat\/AppJava\/organisme_fitxa.jsp?codi=19774&#8243; url_new_window=\u00bbon\u00bb button_text=\u00bbDepartamento de Trabajo, Asuntos Sociales y Familias\u00bb button_alignment=\u00bbcenter\u00bb _builder_version=\u00bb4.16&#8243; _module_preset=\u00bbdefault\u00bb custom_button=\u00bbon\u00bb button_text_size=\u00bb17px\u00bb button_text_color=\u00bb#FFFFFF\u00bb button_bg_color=\u00bb#003c69&#8243; button_border_color=\u00bb#003c69&#8243; button_border_radius=\u00bb0px\u00bb custom_margin=\u00bb||20px||false|false\u00bb hover_enabled=\u00bb0&#8243; custom_css_main_element=\u00bbwidth:90%;\u00bb global_colors_info=\u00bb{}\u00bb button_border_color_last_edited=\u00bbon|desktop\u00bb button_text_color__hover_enabled=\u00bbon|desktop\u00bb button_bg_color__hover_enabled=\u00bbon|desktop\u00bb button_border_color__hover_enabled=\u00bbon|desktop\u00bb button_border_color_tablet=\u00bb#003c69&#8243; button_border_color_phone=\u00bb#003c69&#8243; button_text_color__hover=\u00bb#FFFFFF\u00bb button_bg_color__hover=\u00bb#003c69&#8243; button_border_color__hover=\u00bb#003c69&#8243;][\/et_pb_button][et_pb_button button_url=\u00bbhttp:\/\/sac.gencat.cat\/sacgencat\/AppJava\/organisme_fitxa.jsp?codi=5921&#8243; url_new_window=\u00bbon\u00bb button_text=\u00bbDirecci\u00f3n General de Protecci\u00f3n Social\u00bb button_alignment=\u00bbcenter\u00bb _builder_version=\u00bb4.16&#8243; _module_preset=\u00bbdefault\u00bb custom_button=\u00bbon\u00bb button_text_size=\u00bb17px\u00bb button_text_color=\u00bb#FFFFFF\u00bb button_bg_color=\u00bb#003c69&#8243; button_border_color=\u00bb#003c69&#8243; button_border_radius=\u00bb0px\u00bb custom_margin=\u00bb||20px||false|false\u00bb hover_enabled=\u00bb0&#8243; custom_css_main_element=\u00bbwidth:90%;\u00bb global_colors_info=\u00bb{}\u00bb button_border_color_last_edited=\u00bbon|desktop\u00bb button_text_color__hover_enabled=\u00bbon|desktop\u00bb button_bg_color__hover_enabled=\u00bbon|desktop\u00bb button_border_color__hover_enabled=\u00bbon|desktop\u00bb button_border_color_tablet=\u00bb#003c69&#8243; button_border_color_phone=\u00bb#003c69&#8243; button_text_color__hover=\u00bb#FFFFFF\u00bb button_bg_color__hover=\u00bb#003c69&#8243; button_border_color__hover=\u00bb#003c69&#8243;][\/et_pb_button][et_pb_button button_url=\u00bbhttps:\/\/web.gencat.cat\/es\/tramits\/tramits-temes\/Reconeixement-del-grau-de-discapacitat?category=7614d1e8-a82c-11e3-a972-000c29052e2c&amp;temesNom=Serveis+socials&amp;vmode=normativa\u00bb url_new_window=\u00bbon\u00bb button_text=\u00bbNormativa\u00bb button_alignment=\u00bbcenter\u00bb _builder_version=\u00bb4.16&#8243; _module_preset=\u00bbdefault\u00bb custom_button=\u00bbon\u00bb button_text_size=\u00bb17px\u00bb button_text_color=\u00bb#FFFFFF\u00bb button_bg_color=\u00bb#003c69&#8243; button_border_color=\u00bb#003c69&#8243; button_border_radius=\u00bb0px\u00bb hover_enabled=\u00bb0&#8243; custom_css_main_element=\u00bbwidth:90%;\u00bb global_colors_info=\u00bb{}\u00bb custom_margin=\u00bb||20px||false|false\u00bb button_border_color_last_edited=\u00bbon|desktop\u00bb button_text_color__hover_enabled=\u00bbon|desktop\u00bb button_bg_color__hover_enabled=\u00bbon|desktop\u00bb button_border_color__hover_enabled=\u00bbon|desktop\u00bb button_border_color_tablet=\u00bb#003c69&#8243; button_border_color_phone=\u00bb#003c69&#8243; button_text_color__hover=\u00bb#FFFFFF\u00bb button_bg_color__hover=\u00bb#003c69&#8243; button_border_color__hover=\u00bb#003c69&#8243;][\/et_pb_button][\/et_pb_column][\/et_pb_row][\/et_pb_section]<\/p>\n","protected":false},"excerpt":{"rendered":"<p>P\u00c1GINA EN CONSTRUCCI\u00d3NPortal de discapacidadLa discapacidad se define como la situaci\u00f3n resultante de la interacci\u00f3n entre las personas con deficiencia previsiblemente permanentes y cualquier tipo de barreras que limiten o impidan su participaci\u00f3n plena y efectiva en la sociedad, en igualdad de condiciones con los dem\u00e1s. La discapacidad f\u00edsica hace referencia a la disminuci\u00f3n o [&hellip;]<\/p>\n","protected":false},"author":1,"featured_media":0,"parent":0,"menu_order":0,"comment_status":"closed","ping_status":"closed","template":"","meta":{"_acf_changed":false,"_et_pb_use_builder":"on","_et_pb_old_content":"","_et_gb_content_width":"","footnotes":""},"class_list":["post-990","page","type-page","status-publish","hentry"],"acf":[],"_links":{"self":[{"href":"https:\/\/cocemfecatalunya.org\/es\/wp-json\/wp\/v2\/pages\/990","targetHints":{"allow":["GET"]}}],"collection":[{"href":"https:\/\/cocemfecatalunya.org\/es\/wp-json\/wp\/v2\/pages"}],"about":[{"href":"https:\/\/cocemfecatalunya.org\/es\/wp-json\/wp\/v2\/types\/page"}],"author":[{"embeddable":true,"href":"https:\/\/cocemfecatalunya.org\/es\/wp-json\/wp\/v2\/users\/1"}],"replies":[{"embeddable":true,"href":"https:\/\/cocemfecatalunya.org\/es\/wp-json\/wp\/v2\/comments?post=990"}],"version-history":[{"count":15,"href":"https:\/\/cocemfecatalunya.org\/es\/wp-json\/wp\/v2\/pages\/990\/revisions"}],"predecessor-version":[{"id":3531,"href":"https:\/\/cocemfecatalunya.org\/es\/wp-json\/wp\/v2\/pages\/990\/revisions\/3531"}],"wp:attachment":[{"href":"https:\/\/cocemfecatalunya.org\/es\/wp-json\/wp\/v2\/media?parent=990"}],"curies":[{"name":"wp","href":"https:\/\/api.w.org\/{rel}","templated":true}]}}